{"id":21166,"date":"2026-01-13T14:18:29","date_gmt":"2026-01-13T13:18:29","guid":{"rendered":"https:\/\/www.palatin.de\/?post_type=mec-events&#038;p=21166"},"modified":"2026-03-11T16:37:02","modified_gmt":"2026-03-11T15:37:02","slug":"mathias-tretter-nachgetrettert-der-satirische-jahresrueckblick","status":"publish","type":"mec-events","link":"https:\/\/www.palatin.de\/en\/veranstaltungen\/mathias-tretter-nachgetrettert-der-satirische-jahresrueckblick\/","title":{"rendered":"Mathias Tretter &#8211; \u201eNachgetrettert \u2013 der satirische Jahresr\u00fcckblick\u201c"},"content":{"rendered":"<h3>Fragen Sie sich nicht auch, wo die letzten Jahre hin gegangen sind?<\/h3>\n<p>Als w\u00e4ren sie einfach aus dem Leben geschnitten. Nichts war mehr, wie es war. Ganze sechs Jahre gab es keinen Jahresr\u00fcckblick von <a aria-label=\"\u00d6ffnet einen externen Link in einem neuen Tab\" href=\"https:\/\/mathiastretter.de\/\" target=\"_blank\" rel=\"noopener\">Mathias Tretter.<\/a> Weil er sich irgendwann gefragt hat: Warum nochmal erinnern an alles, was einen schon beim ersten H\u00f6ren genervt hat? Reicht doch, dass es einmal passiert ist.<\/p>\n<p>Doch mit jedem neuen Live Ticker steigt die Nachfrage wo so viel Gegenwart ist, braucht\u2019s auch ein bisschen Vergangenheit. Und Mathias Tretter liefert sie jetzt wieder. <strong>\u201cNachgetrettert!\u201c ist zur\u00fcck! In zwei Stunden spricht er \u00fcber alles, was man lieber vergessen h\u00e4tte . Doch so nacherz\u00e4hlt, dass Sie denken: \u201eEs war die Zeit unseres Lebens!\u201c<\/strong><\/p>\n<p>\u201cWer es nicht schafft, sich von der Couch aufzuraffen, wird auch nie erleben, wie unterhaltsam, erhellend und herrlich komisch so ein Kleinkunstabend mit politischem Kabarett sein kann. Tretter schafft es, bei gleichbleibendem, hohem intellektuellen Anspruch in einem derart unversch\u00e4mt locker-nonchalanten Duktus und Habitus zu reden und zu spielen, dass man in Gedanken noch kein halbes Mal abschweift.\u201c (S\u00fcddeutsche Zeitung)<\/p>\n<h3>Mathias Tretter: Kabarettist, Komiker, Satiriker<\/h3>\n<p>Mathias Tretter besch\u00e4ftigt sich konsequent mit den relevanten Themen unserer immer undurchschaubarer werdenden Welt. \u2026 Als <strong>scharfsinniger, politisch-philosophischer Sprachanalytiker<\/strong> wei\u00df er dabei stets mit hohem intellektuellem Anspruch bestens zu unterhalten. Welch ein fantastisches Klima f\u00fcr Satire! Das meint zumindest Tretter, der sein Gl\u00fcck kaum fassen mag: \u201eIch war immer neidisch auf Komiker in Diktaturen \u2013 wenn jeder Witz dein letzter sein kann, f\u00fchlst du dich gebraucht.<\/p>\n","protected":false},"excerpt":{"rendered":"<p>Fragen Sie sich nicht auch, wo die letzten Jahre hin gegangen sind? Als w\u00e4ren sie einfach aus dem Leben geschnitten. Nichts war mehr, wie es war. Ganze sechs Jahre gab es keinen Jahresr\u00fcckblick von Mathias Tretter. Weil er sich irgendwann gefragt hat: Warum nochmal erinnern an alles, was einen schon beim ersten H\u00f6ren genervt hat? [&hellip;]<\/p>\n","protected":false},"author":8,"featured_media":21197,"template":"","tags":[69],"mec_category":[37],"class_list":["post-21166","mec-events","type-mec-events","status-publish","has-post-thumbnail","hentry","tag-minnesaengersaal","mec_category-comedy-kabarett-theater"],"acf":[],"_links":{"self":[{"href":"https:\/\/www.palatin.de\/en\/wp-json\/wp\/v2\/mec-events\/21166","targetHints":{"allow":["GET"]}}],"collection":[{"href":"https:\/\/www.palatin.de\/en\/wp-json\/wp\/v2\/mec-events"}],"about":[{"href":"https:\/\/www.palatin.de\/en\/wp-json\/wp\/v2\/types\/mec-events"}],"author":[{"embeddable":true,"href":"https:\/\/www.palatin.de\/en\/wp-json\/wp\/v2\/users\/8"}],"wp:featuredmedia":[{"embeddable":true,"href":"https:\/\/www.palatin.de\/en\/wp-json\/wp\/v2\/media\/21197"}],"wp:attachment":[{"href":"https:\/\/www.palatin.de\/en\/wp-json\/wp\/v2\/media?parent=21166"}],"wp:term":[{"taxonomy":"post_tag","embeddable":true,"href":"https:\/\/www.palatin.de\/en\/wp-json\/wp\/v2\/tags?post=21166"},{"taxonomy":"mec_category","embeddable":true,"href":"https:\/\/www.palatin.de\/en\/wp-json\/wp\/v2\/mec_category?post=21166"}],"curies":[{"name":"wp","href":"https:\/\/api.w.org\/{rel}","templated":true}]}}